{"id":1066,"date":"2022-08-23T11:00:56","date_gmt":"2022-08-23T10:00:56","guid":{"rendered":"https:\/\/www.evang-laa.at\/indexa\/?page_id=1066"},"modified":"2025-03-13T19:27:00","modified_gmt":"2025-03-13T18:27:00","slug":"florentine-durel-vikarin","status":"publish","type":"page","link":"https:\/\/www.evang-laa.at\/indexa\/florentine-durel-vikarin\/","title":{"rendered":"Florentine Durel"},"content":{"rendered":"<p>Seit September 2022 war Fr. Florentine Durel Pfarramtskandidatin in der Pfarrgemeinde Mistelbach-Laa, danach wurde sie zur Pfarrerin gew\u00e4hlt.<\/p>\n<p>&nbsp;<\/p>\n<p><img loading=\"lazy\" decoding=\"async\" class=\" wp-image-1005 alignleft\" src=\"https:\/\/www.evang-laa.at\/indexa\/wp-content\/Florentine.jpg\" alt=\"\" width=\"259\" height=\"261\" srcset=\"https:\/\/www.evang-laa.at\/indexa\/wp-content\/Florentine.jpg 952w, https:\/\/www.evang-laa.at\/indexa\/wp-content\/Florentine-298x300.jpg 298w, https:\/\/www.evang-laa.at\/indexa\/wp-content\/Florentine-150x150.jpg 150w, https:\/\/www.evang-laa.at\/indexa\/wp-content\/Florentine-768x774.jpg 768w, https:\/\/www.evang-laa.at\/indexa\/wp-content\/Florentine-119x120.jpg 119w\" sizes=\"auto, (max-width: 259px) 100vw, 259px\" \/>Wo mein Weg begann: Ich bin in Wien in eine franz\u00f6sisch-deutsche Familie geboren worden, habe meine Kindheit teilweise auch in D\u00e4nemark und Frankreich verbracht, bin jedoch tief im Herzen immer in Wien verwurzelt geblieben. Nach der Schule war ich davon \u00fcberzeugt, eine Lehre als K\u00f6chin beginnen zu wollen. Nachdem das dann doch nicht so funktioniert hat, wie ich es mir vorgestellt hatte, beschloss ich spontan Anfang August 2014 evangelische Theologie zu studieren. Wohin mich das f\u00fchren w\u00fcrde wusste ich damals noch nicht, ich wollte einfach nur mehr dar\u00fcber wissen, was es bedeutet evangelisch zu sein und wie ich meinen Glauben anderen Menschen gegen\u00fcber besser erkl\u00e4ren kann.<\/p>\n<p>Schon vor dem Studium habe ich angefangen in der Jungendarbeit in meiner Gemeinde mitzuarbeiten. Daraus sind dann zahlreiche weitere Aufgaben entstanden, die mir anvertraut wurden. Ich durfte Teil des Presbyteriums sein, mit Kindern arbeiten, Fl\u00fcchtlinge aus unserer Gemeinde begleiten und den Reichtum eines Gemeindelebens kennenlernen.<\/p>\n<p>Irgendwann kam dann doch immer mehr der Wunsch in einer Gemeinde zu arbeiten und um herauszufinden, wie es f\u00fcr mich ist auch Menschen in schwierigen Situationen zu begleiten, habe ich ein Seelsorge &#8211; Praktikum im Krankenhaus begonnen. Ein Jahr sp\u00e4ter war klar: ich will Pfarrerin werden. Ich m\u00f6chte Menschen auf ihrem Weg begleiten, Lebensgeschichten h\u00f6ren und \u00fcber den Glauben reden.<\/p>\n<p>Die letzten beiden Jahre habe ich mein Vikariat in der Glaubenskirche in Wien-Simmering verbracht und nun freue ich mich sehr hier als Pfarrerin angekommen zu sein!<\/p>\n<p>Wenn sie neugierig sind, oder ich etwas f\u00fcr Sie tun kann, melden Sie sich einfach, ich freue mich!<\/p>\n<p>Sie k\u00f6nnen mir gleich hier schreiben, oder per E-Mail, oder Sie rufen einfach an:<\/p>\n<p>E-Mail: florentine.durel@evang.at<\/p>\n<p>Handy: 0699\/188 77 309<\/p>\n<p><a href=\"https:\/\/www.evang-laa.at\/indexa\/nachricht-an-fr-f-durel\/\">Nachricht an Fr. Florentine Durel<\/a><\/p>\n","protected":false},"excerpt":{"rendered":"<p>Seit September 2022 war Fr. Florentine Durel Pfarramtskandidatin in der Pfarrgemeinde Mistelbach-Laa, danach wurde sie zur Pfarrerin gew\u00e4hlt. &nbsp; Wo mein Weg begann: Ich bin in Wien in eine franz\u00f6sisch-deutsche Familie geboren worden, habe meine Kindheit teilweise auch in D\u00e4nemark und Frankreich verbracht, bin jedoch tief im Herzen immer in Wien verwurzelt geblieben. Nach der &hellip; <a href=\"https:\/\/www.evang-laa.at\/indexa\/florentine-durel-vikarin\/\" class=\"more-link\"><span class=\"screen-reader-text\">Florentine Durel<\/span> weiterlesen<\/a><\/p>\n","protected":false},"author":1,"featured_media":0,"parent":0,"menu_order":0,"comment_status":"closed","ping_status":"closed","template":"","meta":{"_mc_calendar":[],"footnotes":""},"class_list":["post-1066","page","type-page","status-publish","hentry"],"_links":{"self":[{"href":"https:\/\/www.evang-laa.at\/indexa\/wp-json\/wp\/v2\/pages\/1066","targetHints":{"allow":["GET"]}}],"collection":[{"href":"https:\/\/www.evang-laa.at\/indexa\/wp-json\/wp\/v2\/pages"}],"about":[{"href":"https:\/\/www.evang-laa.at\/indexa\/wp-json\/wp\/v2\/types\/page"}],"author":[{"embeddable":true,"href":"https:\/\/www.evang-laa.at\/indexa\/wp-json\/wp\/v2\/users\/1"}],"replies":[{"embeddable":true,"href":"https:\/\/www.evang-laa.at\/indexa\/wp-json\/wp\/v2\/comments?post=1066"}],"version-history":[{"count":9,"href":"https:\/\/www.evang-laa.at\/indexa\/wp-json\/wp\/v2\/pages\/1066\/revisions"}],"predecessor-version":[{"id":1852,"href":"https:\/\/www.evang-laa.at\/indexa\/wp-json\/wp\/v2\/pages\/1066\/revisions\/1852"}],"wp:attachment":[{"href":"https:\/\/www.evang-laa.at\/indexa\/wp-json\/wp\/v2\/media?parent=1066"}],"curies":[{"name":"wp","href":"https:\/\/api.w.org\/{rel}","templated":true}]}}